{"id":68,"date":"2025-02-27T10:09:25","date_gmt":"2025-02-27T08:09:25","guid":{"rendered":"http:\/\/fvm.co.at\/?page_id=68"},"modified":"2025-04-01T10:53:11","modified_gmt":"2025-04-01T08:53:11","slug":"fvm","status":"publish","type":"page","link":"http:\/\/fvm.co.at\/?page_id=68","title":{"rendered":"Ansprechpartner"},"content":{"rendered":"<p><!--pixgridder:row[cols=3]--><!--pixgridder:column[col=1]--><\/p>\n<h3>Pr\u00f6ll Monika<\/h3>\n<ul>\n<li>10 Jahre Verkauf \/Leiterin<\/li>\n<li>Versicherungsbranche seit 1995<\/li>\n<li>davon 3 Jahre Gebietsleiterin f\u00fcr O\u00d6. und Sbg.<\/li>\n<li>Lehrabschluss Einzelhandelskauffrau<\/li>\n<li>Lehrabschluss Versicherungskauffrau<\/li>\n<li>Unternehmerpr\u00fcfung als staatl.gepr\u00fcfte<br \/>\nVersicherungsmaklerin<\/li>\n<li>Dipl. =&gt; Marketing und Management<\/li>\n<li>Dipl.=&gt; ARS Akademie f.Recht u.Steuern<br \/>\n(Verkehrsunfall I-III)<\/li>\n<li>01.09.2009 Er\u00f6ffnung Freist\u00e4dter<br \/>\nVersicherungsmakler FVM Pr\u00f6ll<\/li>\n<\/ul>\n<p><!--\/pixgridder:column[col=1]--><!--pixgridder:column[col=1]--><\/p>\n<h4>Position<\/h4>\n<ul>\n<li>Gesch\u00e4ftsf\u00fchrerin FVM<\/li>\n<li>staatl. gepr. Versicherungsmaklerin<\/li>\n<li>Zertifikat Marketing und Management<\/li>\n<\/ul>\n<h4>Verantwortung<\/h4>\n<ul>\n<li>Leitung und Beratung<\/li>\n<\/ul>\n<h4>Kontaktdaten<\/h4>\n<ul>\n<li>E-Mail: <a title=\"m.proell@fvm.co.at\" href=\"mailto:m.proell@fvm.co.at\">m.proell@fvm.co.at<\/a><\/li>\n<li>E-Mail: <a title=\"office@fvm.co.at\" href=\"mailto:office@fvm.co.at\">office@fvm.co.at<\/a><\/li>\n<li>Tel.: <a title=\"07942 \/ 77 0 84\" href=\"tel:0794277084\">07942 \/ 77 0 84<\/a><\/li>\n<li>Mobil: <a title=\"0664 248 77 44\" href=\"tel:06642487744\">0664 248 77 44<\/a><\/li>\n<\/ul>\n<p><!--\/pixgridder:column[col=1]--><!--pixgridder:column[col=1]--><\/p>\n<p><a href=\"http:\/\/fvm.co.at\/wp-content\/uploads\/2018\/08\/Monika.jpeg\"><img decoding=\"async\" loading=\"lazy\" class=\"alignnone size-medium wp-image-317\" src=\"http:\/\/fvm.co.at\/wp-content\/uploads\/2018\/08\/Monika-300x289.jpeg\" alt=\"\" width=\"300\" height=\"289\" srcset=\"http:\/\/fvm.co.at\/wp-content\/uploads\/2018\/08\/Monika-300x289.jpeg 300w, http:\/\/fvm.co.at\/wp-content\/uploads\/2018\/08\/Monika-768x740.jpeg 768w, http:\/\/fvm.co.at\/wp-content\/uploads\/2018\/08\/Monika-1024x986.jpeg 1024w, http:\/\/fvm.co.at\/wp-content\/uploads\/2018\/08\/Monika.jpeg 1661w\" sizes=\"(max-width: 300px) 100vw, 300px\" \/><\/a><\/p>\n<p><!--\/pixgridder:column[col=1]--><!--\/pixgridder:row[cols=3]--><!--pixgridder:row[cols=3]--><!--pixgridder:column[col=1]--><\/p>\n<h3>Klemens Hofstadler<\/h3>\n<ul>\n<li>Staatlich gepr\u00fcfter Versicherungskaufmann<\/li>\n<li>Zertifizierter Edelmetallberater<\/li>\n<li>Schadenreferent<\/li>\n<li>Beratung<\/li>\n<li>Office<\/li>\n<\/ul>\n<p><!--\/pixgridder:column[col=1]--><!--pixgridder:column[col=1]--><\/p>\n<h4>Kontaktdaten<\/h4>\n<ul>\n<li>E-Mail: <a title=\"office@fvm.co.at\" href=\"mailto:office@fvm.co.at\">office@fvm.co.at<\/a><\/li>\n<li>Tel.: <a title=\"07942 \/ 77 0 84\" href=\"tel:0794277084\">07942 \/ 77 0 84<\/a><\/li>\n<li>Mobil: <a title=\"0676 790 56 99\" href=\"tel:06767905699\">0676 790 56 99<\/a><\/li>\n<\/ul>\n<p><!--\/pixgridder:column[col=1]--><!--pixgridder:column[col=1]--><\/p>\n<p><a href=\"http:\/\/fvm.co.at\/wp-content\/uploads\/2018\/08\/Clemens.jpeg\"><img decoding=\"async\" loading=\"lazy\" class=\"alignnone size-medium wp-image-318\" src=\"http:\/\/fvm.co.at\/wp-content\/uploads\/2018\/08\/Clemens-300x293.jpeg\" alt=\"\" width=\"300\" height=\"293\" srcset=\"http:\/\/fvm.co.at\/wp-content\/uploads\/2018\/08\/Clemens-300x293.jpeg 300w, http:\/\/fvm.co.at\/wp-content\/uploads\/2018\/08\/Clemens-768x751.jpeg 768w, http:\/\/fvm.co.at\/wp-content\/uploads\/2018\/08\/Clemens-1024x1001.jpeg 1024w, http:\/\/fvm.co.at\/wp-content\/uploads\/2018\/08\/Clemens-60x60.jpeg 60w, http:\/\/fvm.co.at\/wp-content\/uploads\/2018\/08\/Clemens.jpeg 1507w\" sizes=\"(max-width: 300px) 100vw, 300px\" \/><\/a><\/p>\n<p><!--\/pixgridder:column[col=1]--><!--\/pixgridder:row[cols=3]--><!--pixgridder:row[cols=3]--><!--pixgridder:column[col=1]--><\/p>\n<h4><\/h4>\n<p><!--\/pixgridder:column[col=1]--><!--\/pixgridder:row[cols=3]--><\/p>\n","protected":false},"excerpt":{"rendered":"<p>Pr\u00f6ll Monika 10 Jahre Verkauf \/Leiterin Versicherungsbranche seit 1995 davon 3 Jahre Gebietsleiterin f\u00fcr O\u00d6. und Sbg. Lehrabschluss Einzelhandelskauffrau Lehrabschluss Versicherungskauffrau Unternehmerpr\u00fcfung als staatl.gepr\u00fcfte Versicherungsmaklerin Dipl. =&gt; Marketing und Management Dipl.=&gt; ARS Akademie f.Recht u.Steuern (Verkehrsunfall I-III) 01.09.2009 Er\u00f6ffnung Freist\u00e4dter Versicherungsmakler FVM Pr\u00f6ll Position Gesch\u00e4ftsf\u00fchrerin FVM staatl. gepr. Versicherungsmaklerin Zertifikat Marketing und Management Verantwortung Leitung [&hellip;]<\/p>\n","protected":false},"author":1,"featured_media":0,"parent":10,"menu_order":0,"comment_status":"closed","ping_status":"closed","template":"page-fullwidth.php","meta":[],"_links":{"self":[{"href":"http:\/\/fvm.co.at\/index.php?rest_route=\/wp\/v2\/pages\/68"}],"collection":[{"href":"http:\/\/fvm.co.at\/index.php?rest_route=\/wp\/v2\/pages"}],"about":[{"href":"http:\/\/fvm.co.at\/index.php?rest_route=\/wp\/v2\/types\/page"}],"author":[{"embeddable":true,"href":"http:\/\/fvm.co.at\/index.php?rest_route=\/wp\/v2\/users\/1"}],"replies":[{"embeddable":true,"href":"http:\/\/fvm.co.at\/index.php?rest_route=%2Fwp%2Fv2%2Fcomments&post=68"}],"version-history":[{"count":19,"href":"http:\/\/fvm.co.at\/index.php?rest_route=\/wp\/v2\/pages\/68\/revisions"}],"predecessor-version":[{"id":347,"href":"http:\/\/fvm.co.at\/index.php?rest_route=\/wp\/v2\/pages\/68\/revisions\/347"}],"up":[{"embeddable":true,"href":"http:\/\/fvm.co.at\/index.php?rest_route=\/wp\/v2\/pages\/10"}],"wp:attachment":[{"href":"http:\/\/fvm.co.at\/index.php?rest_route=%2Fwp%2Fv2%2Fmedia&parent=68"}],"curies":[{"name":"wp","href":"https:\/\/api.w.org\/{rel}","templated":true}]}}